{"id":483,"date":"2021-05-18T13:10:29","date_gmt":"2021-05-18T12:10:29","guid":{"rendered":"https:\/\/www.chaletdugermas.fr\/fr\/?page_id=483"},"modified":"2021-05-19T09:30:29","modified_gmt":"2021-05-19T08:30:29","slug":"cookies-consent","status":"publish","type":"page","link":"https:\/\/www.chaletdugermas.fr\/fr\/cookies-consent\/","title":{"rendered":"cookies consent"},"content":{"rendered":"<p><strong>Pr\u00e9sentation du site.<\/strong><\/p>\n<p>En vertu de l\u2019article 6 de la loi n\u00b0 2004-575 du 21 juin 2004 pour la confiance dans l\u2019\u00e9conomie num\u00e9rique, il est pr\u00e9cis\u00e9 aux utilisateurs du site du chalet du Germas l\u2019identit\u00e9 des diff\u00e9rents intervenants dans le cadre de sa r\u00e9alisation et de son suivi :<\/p>\n<p>Propri\u00e9taire : SARL RAMAJ &#8211; CHALET DU GERMAS &#8211; Hameau de Maison M\u00e9ane \u2013 LARCHE &#8211; 04530 VAL D\u2019ORONAYE &#8211; N\u00b0 TVA intra : FR89 495112278.<br \/>\nCr\u00e9ateur : SCRIPT<br \/>\nResponsable publication : Anne Marie NARDINO \u2013 <a href=\"mailto:contact@chaletdugermas.fr\">contact@chaletdugermas.fr<\/a><\/p>\n<p>Le responsable publication est une personne physique.<\/p>\n<p>Webmaster : Anne Marie NARDINO<\/p>\n<p>H\u00e9bergeur : Netkom 69480 ANSE \u2013 France<\/p>\n<p><strong>Conditions g\u00e9n\u00e9rales d\u2019utilisation du site et des services propos\u00e9s.<\/strong><\/p>\n<p>L\u2019utilisation du site https:\/\/www.chaletdugermas.fr\/fr\/ implique l\u2019acceptation pleine et enti\u00e8re des conditions g\u00e9n\u00e9rales d\u2019utilisation ci-apr\u00e8s d\u00e9crites. Ces conditions d\u2019utilisation sont susceptibles d\u2019\u00eatre modifi\u00e9es ou compl\u00e9t\u00e9es \u00e0 tout moment, les utilisateurs du site https:\/\/www.chaletdugermas.fr\/fr\/\u00a0sont donc invit\u00e9s \u00e0 les consulter de mani\u00e8re r\u00e9guli\u00e8re.<\/p>\n<p>Ce site est normalement accessible \u00e0 tout moment aux utilisateurs. Une interruption pour raison de maintenance technique peut \u00eatre toutefois d\u00e9cid\u00e9e par Anne Marie NARDINO, qui s\u2019efforcera alors de communiquer pr\u00e9alablement aux utilisateurs les dates et heures de l\u2019intervention.<\/p>\n<p>Le site https:\/\/www.chaletdugermas.fr\/fr\/\u00a0est mis \u00e0 jour r\u00e9guli\u00e8rement par Anne Marie NARDINO. De la m\u00eame fa\u00e7on, les mentions l\u00e9gales peuvent \u00eatre modifi\u00e9es \u00e0 tout moment : elles s\u2019imposent n\u00e9anmoins \u00e0 l\u2019utilisateur qui est invit\u00e9 \u00e0 s\u2019y r\u00e9f\u00e9rer le plus souvent possible afin d\u2019en prendre connaissance.<\/p>\n<p><strong>Description des services fournis<\/strong>.<br \/>\nLe site https:\/\/www.chaletdugermas.fr\/fr\/\u00a0a pour objet de fournir une information concernant l\u2019ensemble des activit\u00e9s de la soci\u00e9t\u00e9.<\/p>\n<p>Anne Marie NARDINO s\u2019efforce de fournir sur le site https:\/\/www.chaletdugermas.fr\/fr\/\u00a0des informations aussi pr\u00e9cises que possible. Toutefois, elle ne pourra \u00eatre tenue responsable des omissions, des inexactitudes et des carences dans la mise \u00e0 jour, qu\u2019elles soient de son fait ou du fait des tiers partenaires qui lui fournissent ces informations.<\/p>\n<p>Toutes les informations indiqu\u00e9es sur le site https:\/\/www.chaletdugermas.fr\/fr\/ sont donn\u00e9es \u00e0 titre indicatif, et sont susceptibles d\u2019\u00e9voluer. Par ailleurs, les renseignements figurant sur le site https:\/\/www.chaletdugermas.fr\/fr\/ne sont pas exhaustifs. Ils sont donn\u00e9s sous r\u00e9serve de modifications ayant \u00e9t\u00e9 apport\u00e9es depuis leur mise en ligne.<\/p>\n<p><strong>Limitations contractuelles sur les donn\u00e9es techniques.<\/strong><br \/>\nLe site utilise la technologie WordPress.<\/p>\n<p>Le site Internet ne pourra \u00eatre tenu responsable de dommages mat\u00e9riels li\u00e9s \u00e0 l\u2019utilisation du site. De plus, l\u2019utilisateur du site s\u2019engage \u00e0 acc\u00e9der au site en utilisant un mat\u00e9riel r\u00e9cent, ne contenant pas de virus et avec un navigateur de derni\u00e8re g\u00e9n\u00e9ration mis \u00e0 jour.<\/p>\n<p><strong>Propri\u00e9t\u00e9 intellectuelle et contrefa\u00e7ons<\/strong>.<br \/>\nAnne Marie NARDINO est propri\u00e9taire des droits de propri\u00e9t\u00e9 intellectuelle ou d\u00e9tient les droits d\u2019usage sur tous les \u00e9l\u00e9ments accessibles sur le site, notamment les textes, images, graphismes, logo, ic\u00f4nes, sons.<\/p>\n<p>Toute reproduction, repr\u00e9sentation, modification, publication, adaptation de tout ou partie des \u00e9l\u00e9ments du site, quel que soit le moyen ou le proc\u00e9d\u00e9 utilis\u00e9, est interdite, sauf autorisation \u00e9crite pr\u00e9alable de Anne Marie NARDINO.<\/p>\n<p>Toute exploitation non autoris\u00e9e du site ou de l\u2019un quelconque des \u00e9l\u00e9ments qu\u2019il contient sera consid\u00e9r\u00e9e comme constitutive d\u2019une contrefa\u00e7on et poursuivie conform\u00e9ment aux dispositions des articles L.335-2 et suivants du Code de Propri\u00e9t\u00e9 Intellectuelle.<\/p>\n<p><strong>Limitations de responsabilit\u00e9.<\/strong><br \/>\nAnne Marie NARDINO ne pourra \u00eatre tenue responsable des dommages directs et indirects caus\u00e9s au mat\u00e9riel de l\u2019utilisateur, lors de l\u2019acc\u00e8s au site adourmedia.com, et r\u00e9sultant soit de l\u2019utilisation d\u2019un mat\u00e9riel ne r\u00e9pondant pas aux sp\u00e9cifications indiqu\u00e9es au point 4, soit de l\u2019apparition d\u2019un bug ou d\u2019une incompatibilit\u00e9.<\/p>\n<p>Anne Marie NARDINO ne pourra \u00e9galement \u00eatre tenue responsable des dommages indirects (tels par exemple qu\u2019une perte de march\u00e9) cons\u00e9cutifs \u00e0 l\u2019utilisation du site adourmedia.com.<\/p>\n<p><strong>Politique de confidentialit\u00e9<\/strong><br \/>\nSoucieuse de la protection de votre vie priv\u00e9e, Anne Marie NARDINO s\u2019engage \u00e0 assurer le meilleur niveau de protection de vos donn\u00e9es \u00e0 caract\u00e8re personnel. Anne Marie NARDINO, en tant que Responsable de traitement, s\u2019engage \u00e0 respecter les dispositions de la loi n\u00b078-17 du 6 janvier 1978 modifi\u00e9e relative \u00e0 l\u2019informatique, aux fichiers et aux libert\u00e9s s\u2019agissant du traitement automatis\u00e9 de donn\u00e9es \u00e0 caract\u00e8re personnel r\u00e9alis\u00e9 ainsi que le r\u00e8glement (UE) n\u00b02016\/679 du 27 avril 2016 \u00e0 partir de son application le 25 mai 2018.<\/p>\n<p>le site chaletdugermas.fr ne collecte pas de donn\u00e9es.<\/p>\n<p><strong>Est-ce que le site du chalet du Germas utilise des cookies, tags et traceurs ?<\/strong><\/p>\n<p>Lors de l\u2019utilisation de notre Service, des informations relatives \u00e0 la navigation de votre terminal (ordinateur, tablette, smartphone, etc.), sont susceptibles d\u2019\u00eatre enregistr\u00e9es dans des fichiers \u00ab Cookies \u00bb d\u00e9pos\u00e9s sur votre terminal, sous r\u00e9serve des choix que vous auriez exprim\u00e9s concernant les Cookies et que vous pouvez modifier \u00e0 tout moment.<\/p>\n<p>Qu\u2019est-ce qu\u2019un cookie ?\u00a0Le terme cookie englobe plusieurs technologies permettant d\u2019op\u00e9rer un suivi de navigation ou une analyse comportementale de l\u2019internaute. Ces technologies sont multiples et en constante \u00e9volution. Il existe notamment, les cookies, tag, pixel, code Javascript.<\/p>\n<p>Le cookie http qui est actuellement la technologie la plus utilis\u00e9e, est un petit fichier texte enregistr\u00e9 par le navigateur de votre ordinateur, tablette ou smartphone et qui permet de conserver des donn\u00e9es utilisateur afin de faciliter la navigation et de permettre certaines fonctionnalit\u00e9s.<\/p>\n<p>Pour quelles raisons des cookies, tags et traceurs sont utilis\u00e9s ?<\/p>\n<p>Les Cookies que le chalet du Germas \u00e9met sur le site et l\u2019application mobile nous permettent :<br \/>\n\u2013 d\u2019adapter la pr\u00e9sentation de notre Site selon le terminal utilis\u00e9;<\/p>\n<p>Comment param\u00e9trer le d\u00e9p\u00f4t des cookies, tags et traceurs ?<\/p>\n<p>Conform\u00e9ment \u00e0 l\u2019article 32II de la loi 78-17, le chalet du Germas recueille votre consentement pr\u00e9alable au d\u00e9p\u00f4t des cookies publicitaires, de mesure d\u2019audience et de partage vers les r\u00e9seaux sociaux.<\/p>\n<p>Vous pouvez faire le choix \u00e0 tout moment d\u2019exprimer et de modifier vos souhaits en mati\u00e8re de cookies, par les moyens d\u00e9crits ci-dessous.<\/p>\n<p>Param\u00e9trage de votre logiciel de navigation<\/p>\n<p>Vous pouvez configurer votre logiciel de navigation de mani\u00e8re \u00e0 ce que des cookies soient enregistr\u00e9s dans votre terminal ou, au contraire, qu\u2019ils soient rejet\u00e9s, soit syst\u00e9matiquement, soit selon leur \u00e9metteur. Vous pouvez \u00e9galement configurer votre logiciel de navigation de mani\u00e8re \u00e0 ce que l\u2019acceptation ou le refus des cookies vous soient propos\u00e9s ponctuellement, avant qu\u2019un cookie soit susceptible d\u2019\u00eatre enregistr\u00e9 dans votre terminal.<\/p>\n<p>Comment exercer vos choix, selon le navigateur que vous utilisez ?<br \/>\nPour la gestion des cookies et de vos choix, la configuration de chaque navigateur est diff\u00e9rente. Elle est d\u00e9crite dans le menu d\u2019aide de votre navigateur, qui vous permettra de savoir de quelle mani\u00e8re modifier vos souhaits en mati\u00e8re de cookies.<br \/>\nPour Internet Explorer\u2122 : http:\/\/windows.microsoft.com\/fr-FR\/windows-vista\/Block-or-allow-cookies ,<br \/>\nPour Safari\u2122 : http:\/\/docs.info.apple.com\/article.html?path=Safari\/3.0\/fr\/9277.html ,<br \/>\nPour Chrome\u2122 : http:\/\/support.google.com\/chrome\/bin\/answer.py?hl=fr&amp;hlrm=en&amp;answer=95647 ,<br \/>\nPour Firefox\u2122 : http:\/\/support.mozilla.org\/fr\/kb\/Activer%20et%20d%C3%A9sactiver%20les%20cookies ,<br \/>\nPour Opera\u2122 : http:\/\/help.opera.com\/Windows\/10.20\/fr\/cookies.html<\/p>\n<p>Param\u00e9trage du syst\u00e8me d\u2019exploitation de votre smartphone<\/p>\n<p>Vous avez la possibilit\u00e9 de contr\u00f4ler le d\u00e9p\u00f4t des Cookies sur votre smartphone dans les r\u00e8gles du syst\u00e8me d\u2019exploitation.<br \/>\nSur iOS : https:\/\/support.apple.com\/fr-fr\/HT201265<br \/>\nSur Android : https:\/\/support.google.com\/chrome\/topic\/3434352<\/p>\n<p>Liste d\u2019opposition permettant de g\u00e9rer le d\u00e9p\u00f4t des cookies<\/p>\n<p>Vous avez \u00e9galement la possibilit\u00e9 de vous opposer au d\u00e9p\u00f4t des cookies en acc\u00e9dant au site internet http:\/\/www.youronlinechoices.com\/fr\/controler-ses-cookies\/.<\/p>\n<p>Qu\u2019est-ce que le d\u00e9l\u00e9gu\u00e9 a la protection des donn\u00e9es du chalet du Germas ? Quelles sont ses missions ?<\/p>\n<p>Le d\u00e9l\u00e9gu\u00e9 \u00e0 la protection des donn\u00e9es nomm\u00e9 au sein du chalet du Germas a pour mission de veiller au respect de la r\u00e9glementation et des r\u00e8gles d\u00e9crites dans le pr\u00e9sent document.<\/p>\n<p>Il veille notamment \u00e0 \u00e9tablir un registre des traitements de donn\u00e9es \u00e0 caract\u00e8re personnel mis en \u0153uvre dans l\u2019entreprise et \u00e0 s\u2019assurer de la conformit\u00e9 de ceux-ci avec la r\u00e9glementation et ses \u00e9volutions.<\/p>\n<p>Il assure une sensibilisation des \u00e9quipes et r\u00e9pond aux utilisateurs souhaitant exercer leurs droits concernant les donn\u00e9es personnelles collect\u00e9es par le chalet du Germas.<\/p>\n<p><strong>Comment contacter le correspondant informatique et libert\u00e9s ?<\/strong><\/p>\n<p>Vous avez la possibilit\u00e9 de contacter le d\u00e9l\u00e9gu\u00e9 \u00e0 la protection des donn\u00e9es : <a href=\"mailto:contact@chaletdugermas.fr\">contact@chaletdugermas.fr<\/a><\/p>\n<p>Pour mieux conna\u00eetre vos droits, rendez-vous sur le site de la CNIL : www.cnil.fr\/fr\/comprendre-vos-droits.<\/p>\n<p><strong>Liens hypertextes<\/strong>.<br \/>\nLe site chalet du Germas contient un certain nombre de liens hypertextes vers d\u2019autres sites, mis en place avec l\u2019autorisation de Anne Marie NARDINO. Cependant, Anne Marie NARDINO n\u2019a pas la possibilit\u00e9 de v\u00e9rifier le contenu des sites ainsi visit\u00e9s, et n\u2019assumera en cons\u00e9quence aucune responsabilit\u00e9 de ce fait.<\/p>\n<p>Droit applicable et attribution de juridiction.<br \/>\nTout litige en relation avec l\u2019utilisation du site adourmedia.com est soumis au droit fran\u00e7ais. Il est fait attribution exclusive de juridiction aux tribunaux comp\u00e9tents de Gap.<\/p>\n<p>&nbsp;<\/p>\n","protected":false},"excerpt":{"rendered":"<p>Pr\u00e9sentation du site. En vertu de l\u2019article 6 de la loi n\u00b0 2004-575 du 21 juin 2004 pour la confiance dans l\u2019\u00e9conomie num\u00e9rique, il est pr\u00e9cis\u00e9 aux utilisateurs du site du chalet du Germas l\u2019identit\u00e9 des diff\u00e9rents intervenants dans le cadre de sa r\u00e9alisation et de son suivi : Propri\u00e9taire : SARL RAMAJ &#8211; CHALET [&hellip;]<\/p>\n","protected":false},"author":1,"featured_media":0,"parent":0,"menu_order":0,"comment_status":"closed","ping_status":"closed","template":"","meta":{"footnotes":""},"_links":{"self":[{"href":"https:\/\/www.chaletdugermas.fr\/fr\/wp-json\/wp\/v2\/pages\/483"}],"collection":[{"href":"https:\/\/www.chaletdugermas.fr\/fr\/wp-json\/wp\/v2\/pages"}],"about":[{"href":"https:\/\/www.chaletdugermas.fr\/fr\/wp-json\/wp\/v2\/types\/page"}],"author":[{"embeddable":true,"href":"https:\/\/www.chaletdugermas.fr\/fr\/wp-json\/wp\/v2\/users\/1"}],"replies":[{"embeddable":true,"href":"https:\/\/www.chaletdugermas.fr\/fr\/wp-json\/wp\/v2\/comments?post=483"}],"version-history":[{"count":6,"href":"https:\/\/www.chaletdugermas.fr\/fr\/wp-json\/wp\/v2\/pages\/483\/revisions"}],"predecessor-version":[{"id":501,"href":"https:\/\/www.chaletdugermas.fr\/fr\/wp-json\/wp\/v2\/pages\/483\/revisions\/501"}],"wp:attachment":[{"href":"https:\/\/www.chaletdugermas.fr\/fr\/wp-json\/wp\/v2\/media?parent=483"}],"curies":[{"name":"wp","href":"https:\/\/api.w.org\/{rel}","templated":true}]}}