{"id":210,"date":"2015-03-27T17:15:09","date_gmt":"2015-03-27T16:15:09","guid":{"rendered":"http:\/\/www.chaletdugermas.fr\/fr\/?page_id=210"},"modified":"2021-09-09T09:09:44","modified_gmt":"2021-09-09T08:09:44","slug":"location-appartement-dans-les-alpes","status":"publish","type":"page","link":"https:\/\/www.chaletdugermas.fr\/fr\/location-appartement-dans-les-alpes\/","title":{"rendered":"location appartement dans les Alpes"},"content":{"rendered":"<div class=\"flex_column av_one_full  flex_column_div av-zero-column-padding first  avia-builder-el-0  el_before_av_one_full  avia-builder-el-first  \" style='border-radius:0px; '><section class=\"av_textblock_section \"  itemscope=\"itemscope\" itemtype=\"https:\/\/schema.org\/CreativeWork\" ><div class='avia_textblock  '   itemprop=\"text\" ><h1>Location appartement dans les Alpes, au Chalet du Germas<\/h1>\n<\/div><\/section><\/div>\n<div class=\"flex_column av_one_full  flex_column_div av-zero-column-padding first  avia-builder-el-2  el_after_av_one_full  el_before_av_one_full  column-top-margin\" style='border-radius:0px; '><div   data-size='featured'  data-lightbox_size='large'  data-animation='slide'  data-conditional_play=''  data-ids='64,216,219,215'  data-video_counter='0'  data-autoplay='false'  data-bg_slider='false'  data-slide_height=''  data-handle='av_slideshow'  data-interval='5'  data-class=' avia-builder-el-3  avia-builder-el-no-sibling  '  data-el_id=''  data-css_id=''  data-scroll_down=''  data-control_layout='av-control-default'  data-custom_markup=''  data-perma_caption=''  data-autoplay_stopper=''  data-image_attachment=''  data-min_height='0px'  data-lazy_loading='disabled'  data-default-height='28.666666666667'  class='avia-slideshow avia-slideshow-1  av-control-default av-default-height-applied avia-slideshow-featured av_slideshow  avia-builder-el-3  avia-builder-el-no-sibling   avia-slide-slider '  itemprop=\"image\" itemscope=\"itemscope\" itemtype=\"https:\/\/schema.org\/ImageObject\" ><ul class='avia-slideshow-inner ' style='padding-bottom: 39.97867803838%;' ><li  class=' slide-1 ' ><div data-rel='slideshow-1' class='avia-slide-wrap '   ><img decoding=\"async\" class=\"wp-image-64 avia-img-lazy-loading-not-64\"  src=\"https:\/\/www.chaletdugermas.fr\/fr\/wp-content\/uploads\/2015\/03\/slider_hote1.jpg\" width=\"938\" height=\"375\" title='Maison d&#039;hote en Ubaye dans les Alpes' alt='Maison d&#039;hote en Ubaye dans les Alpes activit\u00e9s'  itemprop=\"thumbnailUrl\" srcset=\"https:\/\/www.chaletdugermas.fr\/fr\/wp-content\/uploads\/2015\/03\/slider_hote1.jpg 938w, https:\/\/www.chaletdugermas.fr\/fr\/wp-content\/uploads\/2015\/03\/slider_hote1-300x120.jpg 300w\" sizes=\"(max-width: 938px) 100vw, 938px\" \/><\/div><\/li><li  class=' slide-2 ' ><div data-rel='slideshow-1' class='avia-slide-wrap '   ><img decoding=\"async\" class=\"wp-image-216 avia-img-lazy-loading-not-216\"  src=\"https:\/\/www.chaletdugermas.fr\/fr\/wp-content\/uploads\/2015\/03\/slider_appart2.jpg\" width=\"938\" height=\"375\" title='Chalet du Germas' alt='Chalet du Germas'  itemprop=\"thumbnailUrl\" srcset=\"https:\/\/www.chaletdugermas.fr\/fr\/wp-content\/uploads\/2015\/03\/slider_appart2.jpg 938w, https:\/\/www.chaletdugermas.fr\/fr\/wp-content\/uploads\/2015\/03\/slider_appart2-300x120.jpg 300w\" sizes=\"(max-width: 938px) 100vw, 938px\" \/><\/div><\/li><li  class=' slide-3 ' ><div data-rel='slideshow-1' class='avia-slide-wrap '   ><img decoding=\"async\" class=\"wp-image-219 avia-img-lazy-loading-not-219\"  src=\"https:\/\/www.chaletdugermas.fr\/fr\/wp-content\/uploads\/2015\/03\/slider_appart3.jpg\" width=\"938\" height=\"375\" title='slider_appart3' alt=''  itemprop=\"thumbnailUrl\" srcset=\"https:\/\/www.chaletdugermas.fr\/fr\/wp-content\/uploads\/2015\/03\/slider_appart3.jpg 938w, https:\/\/www.chaletdugermas.fr\/fr\/wp-content\/uploads\/2015\/03\/slider_appart3-300x120.jpg 300w\" sizes=\"(max-width: 938px) 100vw, 938px\" \/><\/div><\/li><li  class=' slide-4 ' ><div data-rel='slideshow-1' class='avia-slide-wrap '   ><img decoding=\"async\" class=\"wp-image-215 avia-img-lazy-loading-not-215\"  src=\"https:\/\/www.chaletdugermas.fr\/fr\/wp-content\/uploads\/2015\/03\/slider_appart1.jpg\" width=\"938\" height=\"375\" title='Chalet du Germas' alt='Chalet du Germas'  itemprop=\"thumbnailUrl\" srcset=\"https:\/\/www.chaletdugermas.fr\/fr\/wp-content\/uploads\/2015\/03\/slider_appart1.jpg 938w, https:\/\/www.chaletdugermas.fr\/fr\/wp-content\/uploads\/2015\/03\/slider_appart1-300x120.jpg 300w\" sizes=\"(max-width: 938px) 100vw, 938px\" \/><\/div><\/li><\/ul><div class='avia-slideshow-arrows avia-slideshow-controls'><a href='#prev' class='prev-slide' aria-hidden='true' data-av_icon='\ue87c' data-av_iconfont='entypo-fontello' aria-hidden=\"true\" tabindex=\"-1\">Pr\u00e9c\u00e9dent<\/a><a href='#next' class='next-slide' aria-hidden='true' data-av_icon='\ue87d' data-av_iconfont='entypo-fontello' aria-hidden=\"true\" tabindex=\"-1\">Suivant<\/a><\/div><div class='avia-slideshow-dots avia-slideshow-controls'><a href='#1' class='goto-slide active' >1<\/a><a href='#2' class='goto-slide ' >2<\/a><a href='#3' class='goto-slide ' >3<\/a><a href='#4' class='goto-slide ' >4<\/a><\/div><\/div><\/div>\n<div class=\"flex_column av_one_full  flex_column_div av-zero-column-padding first  avia-builder-el-4  el_after_av_one_full  el_before_av_one_full  column-top-margin\" style='border-radius:0px; '><section class=\"av_textblock_section \"  itemscope=\"itemscope\" itemtype=\"https:\/\/schema.org\/CreativeWork\" ><div class='avia_textblock  '   itemprop=\"text\" ><h2>NOUVEAU EN TOUTE SAISON<\/h2>\n<p><strong>Pour vos repas de famille, d\u2019anniversaire, de r\u00e9veillon de No\u00ebl et Jour de l\u2019an, &#8230;<\/strong>\u00a0nous mettons \u00e0 votre disposition, en gestion libre, pour 15 \u00e0 16 personnes maximum,<\/p>\n<div class=\"inner-c b10\">&gt; Espace couchage en 3 dortoirs ind\u00e9pendants (les lits sont \u00e9quip\u00e9s de drap house et de taie d\u2019oreiller jetables + 2 couvertures).<br \/>\n&gt; un espace sanitaire (4 douches \/ 4 wc \/ 4 lavabos), serviettes non fournies.<br \/>\n&gt; Une salle \u00e0 manger de 80 m2 environ avec coin feu, une cuisine professionnelle \u00e9quip\u00e9e (ustensiles + vaisselle fournis).<br \/>\n<strong>Exposez-nous votre projet<\/strong>\u00a0\u2013 Devis sous 24H &#8211; Visite des lieux sur RV<\/div>\n<\/div><\/section><br \/>\n<section class=\"av_textblock_section \"  itemscope=\"itemscope\" itemtype=\"https:\/\/schema.org\/CreativeWork\" ><div class='avia_textblock  '   itemprop=\"text\" ><h2>LOCATION APPARTEMENT 4 PERSONNES AU CHALET DU GERMAS<\/h2>\n<p align=\"justify\"><strong>Location \u00e0 la semaine, \u00e0 la quinzaine, au mois, au week-end<\/strong>\u00a0(minimum 2 nuits). Cet appartement meubl\u00e9 de 40 m2 environ pour 4 personnes est situ\u00e9 dans le Chalet du Germas au Hameau de \u00ab Maison M\u00e9ane \u00bb et il comprend :<br \/>\n1 chambre, un coin cuisine, un coin s\u00e9jour (possibilit\u00e9 2 couchages), un wc et une salle de bain ind\u00e9pendante, avec de nombreux rangements.<br \/>\n<strong>Equipements :<br \/>\n&#8211;\u00a0<\/strong>Combin\u00e9 frigo-cong\u00e9lateur, four, four \u00e0 micro-ondes, appareils \u00e0 raclette \/ \u00e0 fondue, une girafe, un robot m\u00e9nager, cafeti\u00e8re \u00e9lectrique, toute la vaisselle courante \u2026<br \/>\n&#8211; Machine \u00e0 laver le linge, Aspirateur, Fer \u00e0 repasser + planche, S\u00e8che-cheveux, TV\/DVD<br \/>\n&#8211; Draps, couvertures, oreillers, serviettes de bain \u2026<\/p>\n<p align=\"justify\"><strong>Exposition Sud-Ouest<\/strong>\u00a0\u2013 Vue d\u00e9gag\u00e9e sur les montagnes &#8211; Acc\u00e8s jardin et places de parking<\/p>\n<\/div><\/section><br \/>\n<section class=\"av_textblock_section \"  itemscope=\"itemscope\" itemtype=\"https:\/\/schema.org\/CreativeWork\" ><div class='avia_textblock  '   itemprop=\"text\" ><h2>TARIFS<\/h2>\n<p>&#8211; 500 \u20ac la semaine + \u00e9lectricit\u00e9 (1 \u00e0 2 personnes). \/\/ &#8211; 600 \u20ac la semaine + \u00e9lectricit\u00e9 (4 personnes). \/\/ <em>(Autre dur\u00e9e nous consulter).<\/em><\/p>\n<\/div><\/section><\/p><\/div><div class=\"flex_column av_one_full  flex_column_div av-zero-column-padding first  avia-builder-el-8  el_after_av_one_full  avia-builder-el-last  column-top-margin\" style='border-radius:0px; '><div id='av-masonry-1' class='av-masonry  noHover av-flex-size av-large-gap av-hover-overlay- av-masonry-animation- av-masonry-col-4 av-caption-always av-caption-style- av-masonry-gallery     '  ><div class='av-masonry-container isotope av-js-disabled ' ><div class='av-masonry-entry isotope-item av-masonry-item-no-image '><\/div><a href=\"https:\/\/www.chaletdugermas.fr\/fr\/wp-content\/uploads\/2015\/03\/gal1-appt3.jpg\" href=\"640\" href=\"480\" href=\"\" href=\"https:\/\/www.chaletdugermas.fr\/fr\/wp-content\/uploads\/2015\/03\/gal1-appt3.jpg 640w, https:\/\/www.chaletdugermas.fr\/fr\/wp-content\/uploads\/2015\/03\/gal1-appt3-300x225.jpg 300w\" href=\"(max-width: 640px) 100vw, 640px\"  aria-label=\"image Appartement 4 personnes\"  id='av-masonry-1-item-99' data-av-masonry-item='99' class='av-masonry-entry isotope-item post-99 attachment type-attachment status-inherit hentry  av-masonry-item-with-image' title=\"Appartement 4 personnes\" alt=\"Appartement 4 personnes\"   itemprop=\"thumbnailUrl\" ><div class='av-inner-masonry-sizer'><\/div><figure class='av-inner-masonry main_color'><div class=\"av-masonry-outerimage-container\"><div class=\"av-masonry-image-container\" ><img decoding=\"async\" width=\"640\" height=\"480\" class=\"wp-image-99 avia-img-lazy-loading-not-99\"  src=\"https:\/\/www.chaletdugermas.fr\/fr\/wp-content\/uploads\/2015\/03\/gal1-appt3.jpg\" title=\"Appartement 4 personnes\" alt=\"Appartement 4 personnes\" srcset=\"https:\/\/www.chaletdugermas.fr\/fr\/wp-content\/uploads\/2015\/03\/gal1-appt3.jpg 640w, https:\/\/www.chaletdugermas.fr\/fr\/wp-content\/uploads\/2015\/03\/gal1-appt3-300x225.jpg 300w\" sizes=\"(max-width: 640px) 100vw, 640px\" \/><\/div><\/div><\/figure><\/a><!--end av-masonry entry--><a href=\"https:\/\/www.chaletdugermas.fr\/fr\/wp-content\/uploads\/2015\/03\/gal1-appt2.jpg\" href=\"640\" href=\"480\" href=\"\" href=\"https:\/\/www.chaletdugermas.fr\/fr\/wp-content\/uploads\/2015\/03\/gal1-appt2.jpg 640w, https:\/\/www.chaletdugermas.fr\/fr\/wp-content\/uploads\/2015\/03\/gal1-appt2-300x225.jpg 300w\" href=\"(max-width: 640px) 100vw, 640px\"  aria-label=\"image Appartement en gestion libre\"  id='av-masonry-1-item-87' data-av-masonry-item='87' class='av-masonry-entry isotope-item post-87 attachment type-attachment status-inherit hentry  av-masonry-item-with-image' title=\"Appartement en gestion libre\" alt=\"Appartement en gestion libre\"   itemprop=\"thumbnailUrl\" ><div class='av-inner-masonry-sizer'><\/div><figure class='av-inner-masonry main_color'><div class=\"av-masonry-outerimage-container\"><div class=\"av-masonry-image-container\" ><img decoding=\"async\" width=\"640\" height=\"480\" class=\"wp-image-87 avia-img-lazy-loading-not-87\"  src=\"https:\/\/www.chaletdugermas.fr\/fr\/wp-content\/uploads\/2015\/03\/gal1-appt2.jpg\" title=\"Appartement en gestion libre\" alt=\"Appartement en gestion libre\" srcset=\"https:\/\/www.chaletdugermas.fr\/fr\/wp-content\/uploads\/2015\/03\/gal1-appt2.jpg 640w, https:\/\/www.chaletdugermas.fr\/fr\/wp-content\/uploads\/2015\/03\/gal1-appt2-300x225.jpg 300w\" sizes=\"(max-width: 640px) 100vw, 640px\" \/><\/div><\/div><\/figure><\/a><!--end av-masonry entry--><a href=\"https:\/\/www.chaletdugermas.fr\/fr\/wp-content\/uploads\/2015\/03\/gal1-appt.jpg\" href=\"640\" href=\"480\" href=\"\" href=\"https:\/\/www.chaletdugermas.fr\/fr\/wp-content\/uploads\/2015\/03\/gal1-appt.jpg 640w, https:\/\/www.chaletdugermas.fr\/fr\/wp-content\/uploads\/2015\/03\/gal1-appt-300x225.jpg 300w\" href=\"(max-width: 640px) 100vw, 640px\"  aria-label=\"image Location appartement Alpes\"  id='av-masonry-1-item-85' data-av-masonry-item='85' class='av-masonry-entry isotope-item post-85 attachment type-attachment status-inherit hentry  av-masonry-item-with-image' title=\"Location appartement Alpes\" alt=\"Location appartement Alpes\"   itemprop=\"thumbnailUrl\" ><div class='av-inner-masonry-sizer'><\/div><figure class='av-inner-masonry main_color'><div class=\"av-masonry-outerimage-container\"><div class=\"av-masonry-image-container\" ><img decoding=\"async\" width=\"640\" height=\"480\" class=\"wp-image-85 avia-img-lazy-loading-not-85\"  src=\"https:\/\/www.chaletdugermas.fr\/fr\/wp-content\/uploads\/2015\/03\/gal1-appt.jpg\" title=\"Location appartement Alpes\" alt=\"Location appartement Alpes\" srcset=\"https:\/\/www.chaletdugermas.fr\/fr\/wp-content\/uploads\/2015\/03\/gal1-appt.jpg 640w, https:\/\/www.chaletdugermas.fr\/fr\/wp-content\/uploads\/2015\/03\/gal1-appt-300x225.jpg 300w\" sizes=\"(max-width: 640px) 100vw, 640px\" \/><\/div><\/div><\/figure><\/a><!--end av-masonry entry--><a href=\"https:\/\/www.chaletdugermas.fr\/fr\/wp-content\/uploads\/2015\/03\/gal1-appt1.jpg\" href=\"640\" href=\"480\" href=\"\" href=\"https:\/\/www.chaletdugermas.fr\/fr\/wp-content\/uploads\/2015\/03\/gal1-appt1.jpg 640w, https:\/\/www.chaletdugermas.fr\/fr\/wp-content\/uploads\/2015\/03\/gal1-appt1-300x225.jpg 300w\" href=\"(max-width: 640px) 100vw, 640px\"  aria-label=\"image Location chambre Alpes\"  id='av-masonry-1-item-86' data-av-masonry-item='86' class='av-masonry-entry isotope-item post-86 attachment type-attachment status-inherit hentry  av-masonry-item-with-image' title=\"Location chambre Alpes\" alt=\"Location chambre Alpes\"   itemprop=\"thumbnailUrl\" ><div class='av-inner-masonry-sizer'><\/div><figure class='av-inner-masonry main_color'><div class=\"av-masonry-outerimage-container\"><div class=\"av-masonry-image-container\" ><img decoding=\"async\" width=\"640\" height=\"480\" class=\"wp-image-86 avia-img-lazy-loading-not-86\"  src=\"https:\/\/www.chaletdugermas.fr\/fr\/wp-content\/uploads\/2015\/03\/gal1-appt1.jpg\" title=\"Location chambre Alpes\" alt=\"Location chambre Alpes\" srcset=\"https:\/\/www.chaletdugermas.fr\/fr\/wp-content\/uploads\/2015\/03\/gal1-appt1.jpg 640w, https:\/\/www.chaletdugermas.fr\/fr\/wp-content\/uploads\/2015\/03\/gal1-appt1-300x225.jpg 300w\" sizes=\"(max-width: 640px) 100vw, 640px\" \/><\/div><\/div><\/figure><\/a><!--end av-masonry entry--><\/div><\/div><\/div><\/p>\n","protected":false},"excerpt":{"rendered":"","protected":false},"author":1,"featured_media":0,"parent":0,"menu_order":0,"comment_status":"closed","ping_status":"open","template":"","meta":{"footnotes":""},"_links":{"self":[{"href":"https:\/\/www.chaletdugermas.fr\/fr\/wp-json\/wp\/v2\/pages\/210"}],"collection":[{"href":"https:\/\/www.chaletdugermas.fr\/fr\/wp-json\/wp\/v2\/pages"}],"about":[{"href":"https:\/\/www.chaletdugermas.fr\/fr\/wp-json\/wp\/v2\/types\/page"}],"author":[{"embeddable":true,"href":"https:\/\/www.chaletdugermas.fr\/fr\/wp-json\/wp\/v2\/users\/1"}],"replies":[{"embeddable":true,"href":"https:\/\/www.chaletdugermas.fr\/fr\/wp-json\/wp\/v2\/comments?post=210"}],"version-history":[{"count":12,"href":"https:\/\/www.chaletdugermas.fr\/fr\/wp-json\/wp\/v2\/pages\/210\/revisions"}],"predecessor-version":[{"id":511,"href":"https:\/\/www.chaletdugermas.fr\/fr\/wp-json\/wp\/v2\/pages\/210\/revisions\/511"}],"wp:attachment":[{"href":"https:\/\/www.chaletdugermas.fr\/fr\/wp-json\/wp\/v2\/media?parent=210"}],"curies":[{"name":"wp","href":"https:\/\/api.w.org\/{rel}","templated":true}]}}