{"id":11,"date":"2015-03-17T16:54:36","date_gmt":"2015-03-17T15:54:36","guid":{"rendered":"http:\/\/www.chaletdugermas.fr\/fr\/?page_id=11"},"modified":"2021-05-18T14:01:30","modified_gmt":"2021-05-18T13:01:30","slug":"mediatheque","status":"publish","type":"page","link":"https:\/\/www.chaletdugermas.fr\/fr\/mediatheque\/","title":{"rendered":"M\u00e9diatheque du chalet du Germas"},"content":{"rendered":"<div class=\"flex_column av_one_full  flex_column_div av-zero-column-padding first  avia-builder-el-0  el_before_av_one_full  avia-builder-el-first  \" style='border-radius:0px; '><section class=\"av_textblock_section \"  itemscope=\"itemscope\" itemtype=\"https:\/\/schema.org\/CreativeWork\" ><div class='avia_textblock  '   itemprop=\"text\" ><h1>M\u00e9diath\u00e8que (photos, vid\u00e9os, articles de presse, &#8230;) du Chalet du Germas :<\/h1>\n<\/div><\/section><\/div>\n<div class=\"flex_column av_one_full  flex_column_div av-zero-column-padding first  avia-builder-el-2  el_after_av_one_full  el_before_av_one_full  column-top-margin\" style='border-radius:0px; '><div   data-size='featured'  data-lightbox_size='large'  data-animation='slide'  data-conditional_play=''  data-ids='206,205,167,166,164'  data-video_counter='0'  data-autoplay='false'  data-bg_slider='false'  data-slide_height=''  data-handle='av_slideshow'  data-interval='5'  data-class=' avia-builder-el-3  avia-builder-el-no-sibling  '  data-el_id=''  data-css_id=''  data-scroll_down=''  data-control_layout='av-control-default'  data-custom_markup=''  data-perma_caption=''  data-autoplay_stopper=''  data-image_attachment=''  data-min_height='0px'  data-lazy_loading='disabled'  data-default-height='28.666666666667'  class='avia-slideshow avia-slideshow-1  av-control-default av-default-height-applied avia-slideshow-featured av_slideshow  avia-builder-el-3  avia-builder-el-no-sibling   avia-slide-slider '  itemprop=\"image\" itemscope=\"itemscope\" itemtype=\"https:\/\/schema.org\/ImageObject\" ><ul class='avia-slideshow-inner ' style='padding-bottom: 39.97867803838%;' ><li  class=' slide-1 ' ><div data-rel='slideshow-1' class='avia-slide-wrap '   ><img decoding=\"async\" class=\"wp-image-206 avia-img-lazy-loading-not-206\"  src=\"https:\/\/www.chaletdugermas.fr\/fr\/wp-content\/uploads\/2015\/03\/slider_media7.jpg\" width=\"938\" height=\"375\" title='Vue du Germas' alt='Vue du Germas'  itemprop=\"thumbnailUrl\" srcset=\"https:\/\/www.chaletdugermas.fr\/fr\/wp-content\/uploads\/2015\/03\/slider_media7.jpg 938w, https:\/\/www.chaletdugermas.fr\/fr\/wp-content\/uploads\/2015\/03\/slider_media7-300x120.jpg 300w\" sizes=\"(max-width: 938px) 100vw, 938px\" \/><\/div><\/li><li  class=' slide-2 ' ><div data-rel='slideshow-1' class='avia-slide-wrap '   ><img decoding=\"async\" class=\"wp-image-205 avia-img-lazy-loading-not-205\"  src=\"https:\/\/www.chaletdugermas.fr\/fr\/wp-content\/uploads\/2015\/03\/slider_media6.jpg\" width=\"938\" height=\"375\" title='T\u00eate dure' alt='T\u00eate dure'  itemprop=\"thumbnailUrl\" srcset=\"https:\/\/www.chaletdugermas.fr\/fr\/wp-content\/uploads\/2015\/03\/slider_media6.jpg 938w, https:\/\/www.chaletdugermas.fr\/fr\/wp-content\/uploads\/2015\/03\/slider_media6-300x120.jpg 300w\" sizes=\"(max-width: 938px) 100vw, 938px\" \/><\/div><\/li><li  class=' slide-3 ' ><div data-rel='slideshow-1' class='avia-slide-wrap '   ><img decoding=\"async\" class=\"wp-image-167 avia-img-lazy-loading-not-167\"  src=\"https:\/\/www.chaletdugermas.fr\/fr\/wp-content\/uploads\/2015\/03\/slider_media5.jpg\" width=\"938\" height=\"375\" title='Marmottes du Lauzanier' alt='Marmottes du Lauzanier'  itemprop=\"thumbnailUrl\" srcset=\"https:\/\/www.chaletdugermas.fr\/fr\/wp-content\/uploads\/2015\/03\/slider_media5.jpg 938w, https:\/\/www.chaletdugermas.fr\/fr\/wp-content\/uploads\/2015\/03\/slider_media5-300x120.jpg 300w\" sizes=\"(max-width: 938px) 100vw, 938px\" \/><\/div><\/li><li  class=' slide-4 ' ><div data-rel='slideshow-1' class='avia-slide-wrap '   ><img decoding=\"async\" class=\"wp-image-166 avia-img-lazy-loading-not-166\"  src=\"https:\/\/www.chaletdugermas.fr\/fr\/wp-content\/uploads\/2015\/03\/slider_media4.jpg\" width=\"938\" height=\"375\" title='Bouquetin' alt='Bouquetin'  itemprop=\"thumbnailUrl\" srcset=\"https:\/\/www.chaletdugermas.fr\/fr\/wp-content\/uploads\/2015\/03\/slider_media4.jpg 938w, https:\/\/www.chaletdugermas.fr\/fr\/wp-content\/uploads\/2015\/03\/slider_media4-300x120.jpg 300w\" sizes=\"(max-width: 938px) 100vw, 938px\" \/><\/div><\/li><li  class=' slide-5 ' ><div data-rel='slideshow-1' class='avia-slide-wrap '   ><img decoding=\"async\" class=\"wp-image-164 avia-img-lazy-loading-not-164\"  src=\"https:\/\/www.chaletdugermas.fr\/fr\/wp-content\/uploads\/2015\/03\/slider_media2.jpg\" width=\"938\" height=\"375\" title='Lac de montagne' alt='Lac de montagne'  itemprop=\"thumbnailUrl\" srcset=\"https:\/\/www.chaletdugermas.fr\/fr\/wp-content\/uploads\/2015\/03\/slider_media2.jpg 938w, https:\/\/www.chaletdugermas.fr\/fr\/wp-content\/uploads\/2015\/03\/slider_media2-300x120.jpg 300w\" sizes=\"(max-width: 938px) 100vw, 938px\" \/><\/div><\/li><\/ul><div class='avia-slideshow-arrows avia-slideshow-controls'><a href='#prev' class='prev-slide' aria-hidden='true' data-av_icon='\ue87c' data-av_iconfont='entypo-fontello' aria-hidden=\"true\" tabindex=\"-1\">Pr\u00e9c\u00e9dent<\/a><a href='#next' class='next-slide' aria-hidden='true' data-av_icon='\ue87d' data-av_iconfont='entypo-fontello' aria-hidden=\"true\" tabindex=\"-1\">Suivant<\/a><\/div><div class='avia-slideshow-dots avia-slideshow-controls'><a href='#1' class='goto-slide active' >1<\/a><a href='#2' class='goto-slide ' >2<\/a><a href='#3' class='goto-slide ' >3<\/a><a href='#4' class='goto-slide ' >4<\/a><a href='#5' class='goto-slide ' >5<\/a><\/div><\/div><\/div>\n<div class=\"flex_column av_one_full  flex_column_div av-zero-column-padding first  avia-builder-el-4  el_after_av_one_full  el_before_av_one_full  column-top-margin\" style='border-radius:0px; '><section class=\"av_textblock_section \"  itemscope=\"itemscope\" itemtype=\"https:\/\/schema.org\/CreativeWork\" ><div class='avia_textblock  '   itemprop=\"text\" ><blockquote>\n<p>Il est difficile de d\u00e9finir \u00ab le Chalet du Germas \u00bb, car chacun l\u2019appr\u00e9hendera \u00e0 sa mani\u00e8re.<br \/>\nNous avons s\u00e9lectionn\u00e9 pour vous quelques documents : photos, vid\u00e9os, articles de journaux qui vous permettront de mieux conna\u00eetre notre environnement.<\/p>\n<\/blockquote>\n<h2>Journ\u00e9e terrain et repas convivial pour les b\u00e9n\u00e9voles du r\u00e9seau gypa\u00e8te en Ubaye<\/h2>\n<p><img loading=\"lazy\" decoding=\"async\" class=\"alignleft wp-image-326 size-full\" title=\"Maison d'h\u00f4te et chambres d'h\u00f4tes, h\u00e9bergement dans les Alpes en vall\u00e9e de l'Ubaye\" src=\"http:\/\/www.chaletdugermas.fr\/fr\/wp-content\/uploads\/2017\/01\/gypaete.jpg\" alt=\"Maison d'h\u00f4te et chambres d'h\u00f4tes, h\u00e9bergement dans les Alpes en vall\u00e9e de l'Ubaye\" width=\"450\" height=\"300\" srcset=\"https:\/\/www.chaletdugermas.fr\/fr\/wp-content\/uploads\/2017\/01\/gypaete.jpg 450w, https:\/\/www.chaletdugermas.fr\/fr\/wp-content\/uploads\/2017\/01\/gypaete-300x200.jpg 300w\" sizes=\"(max-width: 450px) 100vw, 450px\" \/>Le Parc National du Mercantour anime en Ubaye un r\u00e9seau de b\u00e9n\u00e9voles observateurs qui qu&rsquo;impliquent r\u00e9guli\u00e8rement dans des actions de comptages des gypa\u00e8tes barbus dont le premier couple s&rsquo;est install\u00e9 en Ubaye en 2007\/2008.<br \/>\nTous passionn\u00e9s de montagne, les membres du r\u00e9seau passent beaucoup de temps en montagne et envoient r\u00e9guli\u00e8rement des photos et de pr\u00e9cieuses observations de gypa\u00e8tes ; la masse d\u2019information ainsi recueillie constitue le socle d\u2019un suivi efficace pour une esp\u00e8ce qui demeure rare et menac\u00e9e.<br \/>\nIl s&rsquo;agit d&rsquo;une action remarquable de science participative et citoyenne car ces personnes donnent de leur temps pour suivre les couples install\u00e9s dans la vall\u00e9e particuli\u00e8rement tout au long de l&rsquo;hiver et du printemps sur les p\u00e9riodes d\u00e9licates de reproduction et d&rsquo;\u00e9levage des petits.<br \/>\nApr\u00e8s une matin\u00e9e d&rsquo;observation sur le terrain, tout le monde s&rsquo;est retrouv\u00e9 pour un repas convivial \u00e0 Maison-M\u00e9ane o\u00f9 les 28 b\u00e9n\u00e9voles ont \u00e9t\u00e9 accueillis par Jean Ferron le maire de Val d&rsquo;Oronaye, pour partager un\u00a0<strong>savoureux repas au Chalet du Germas<\/strong>\u00a0(membre de Mercantour \u00c9cotourisme).\u00a0<a href=\"http:\/\/www.parc-mercantour.com\/index.php\/actualites\/vallee-de-l-ubaye\/1361-journee-terrain-et-repas-convivial-pour-les-benevoles-du-reseau-gypaete-en-ubaye\" target=\"_blank\" rel=\"noopener\">Voir l&rsquo;article complet, clic<\/a><\/p>\n<p><img loading=\"lazy\" decoding=\"async\" class=\"alignleft wp-image-225 size-full\" title=\"Article du parisien\" src=\"http:\/\/www.chaletdugermas.fr\/fr\/wp-content\/uploads\/2015\/07\/parisien1.jpg\" alt=\"Article du parisien\" width=\"140\" height=\"42\" \/>13.07.2015 &#8211;\u00a0<strong>LE TOP 10 DES DESTINATIONS RESPONSABLES<\/strong><br \/>\nEn France, Le Mercantour : le r\u00e8gne de la biodiversit\u00e9.<br \/>\nSpectaculaire liaison entre les Alpes et la M\u00e9diterran\u00e9e, le parc national du Mercantour est l&rsquo;un des plus riches espaces naturels de France m\u00e9tropolitaine par sa biodiversit\u00e9. Inutile donc d\u2019aller au bout du monde pour pratiquer l\u2019\u00e9cotourisme ! Ce patrimoine exceptionnel pr\u00e9serv\u00e9 s&rsquo;explique par la proximit\u00e9 des montagnes avec la mer et des influences climatiques \u00e0 la fois m\u00e9diterran\u00e9ennes, alpines et continentales. Des oliviers aux alpages, des for\u00eats de m\u00e9l\u00e8zes aux cimes enneig\u00e9es, le Mercantour abrite une faune, une flore (plus de 2000 esp\u00e8ces de plantes, dont 220 consid\u00e9r\u00e9es comme tr\u00e8s rares et 40 qui n&rsquo;existent nulle part ailleurs) et des paysages d&rsquo;une richesse et d&rsquo;une vari\u00e9t\u00e9 rare. Sans oublier la vall\u00e9e des Merveilles, autour de Tende et du mont B\u00e9go, parsem\u00e9e de lacs et de splendides gravures rupestres, datant de 3000 ans avant J\u00e9sus-Christ<\/p>\n<ul>\n<li>Le journal\u00a0<a title=\"La Provence\" href=\"http:\/\/www.chaletdugermas.fr\/images\/presse1_gr.jpg\" target=\"_blank\" rel=\"noopener\">La Provence<\/a>\u00a0se fait l&rsquo;\u00e9cho des\u00a0<strong>sorties Plantes Sauvages<\/strong>\u00a0organis\u00e9es au Chalet du Germas<\/li>\n<li><strong>Montagnes magazine<\/strong>\u00a0a publi\u00e9 en 2009 un dossier sur Larche et les Alpes du Sud pour le ski de randonn\u00e9e, intitul\u00e9 : Larche et les 10 commandements du skieur.\u00a0<a title=\"Montagnes Magazine\" href=\"http:\/\/www.chaletdugermas.fr\/SKMBT_C22415021620590.pdf\" target=\"_blank\" rel=\"noopener\">A lire ici<\/a>\u00a0(version PDF)<\/li>\n<li>Le magazine\u00a0<strong>ROAD TRIP, les CARNETS DE VOYAGE MOTOS<\/strong>\u00a0a publi\u00e9 un article sur les bonnes adresses et a cit\u00e9 le Chalet du Germas\u00a0<a href=\"http:\/\/www.chaletdugermas.fr\/fr\/wp-content\/uploads\/2020\/01\/road-trip.jpg\" target=\"_blank\" rel=\"noopener\">voir l&rsquo;article<\/a><\/li>\n<li>Chaque ann\u00e9e, depuis 10 ans, la\u00a0<a title=\"Baladins\" href=\"http:\/\/www.chaletdugermas.fr\/images\/presse_gr.jpg\" target=\"_blank\" rel=\"noopener\">troupe des Baladins<\/a>\u00a0et ses \u00e9l\u00e8ves, viennent pour travailler leurs nouvelles repr\u00e9sentations qui seront jou\u00e9es \u00e0 Paris<\/li>\n<li><strong>Parc national du Mercantour :<\/strong>\u00a0le vallon du Lauzanier, sur la commune de Larche, dans les Alpes de Haute-Provence, devient le premier site naturel accessible aux personnes en situation de handicap moteur, visuel, mental, auditif. Ce projet consid\u00e9r\u00e9 comme exemplaire et innovant a \u00e9t\u00e9 r\u00e9alis\u00e9 dans le cadre d&rsquo;un partenariat nou\u00e9 entre la GMF et Parcs Nationaux de France plac\u00e9 sous le th\u00e8me de \u00ab la nature en partage \u00bb; son objectif est de rendre accessible au plus grand nombre les 9 parcs nationaux fran\u00e7ais.<\/li>\n<\/ul>\n<\/div><\/section><\/div>\n<div class=\"flex_column av_one_full  flex_column_div av-zero-column-padding first  avia-builder-el-6  el_after_av_one_full  el_before_av_one_full  column-top-margin\" style='border-radius:0px; '><div  class='avia-video avia-video-16-9   av-lazyload-immediate  av-lazyload-video-embed  '   itemprop=\"video\" itemtype=\"https:\/\/schema.org\/VideoObject\"  data-original_url='https:\/\/youtu.be\/qo45-V4_P-I' ><script type='text\/html' class='av-video-tmpl'><div class='avia-iframe-wrap'><iframe loading=\"lazy\" title=\"Larche, la nature en partage : le vallon du Lauzanier\" width=\"1500\" height=\"844\" src=\"https:\/\/www.youtube.com\/embed\/qo45-V4_P-I?feature=oembed&autoplay=0&loop=0&controls=1&mute=0\" frameborder=\"0\" allow=\"accelerometer; autoplay; clipboard-write; encrypted-media; gyroscope; picture-in-picture\" allowfullscreen><\/iframe><\/div><\/script><div class='av-click-to-play-overlay'><div class=\"avia_playpause_icon\"><\/div><\/div><\/div><\/div>\n<div class=\"flex_column av_one_full  flex_column_div av-zero-column-padding first  avia-builder-el-8  el_after_av_one_full  el_before_av_one_full  column-top-margin\" style='border-radius:0px; '><p><div  class='avia-video avia-video-16-9   av-lazyload-immediate  av-lazyload-video-embed  '   itemprop=\"video\" itemtype=\"https:\/\/schema.org\/VideoObject\"  data-original_url='https:\/\/youtu.be\/A_ZSF__Ppj8' ><script type='text\/html' class='av-video-tmpl'><div class='avia-iframe-wrap'><iframe loading=\"lazy\" title=\"Cyclotourisme en Ubaye\" width=\"1500\" height=\"844\" src=\"https:\/\/www.youtube.com\/embed\/A_ZSF__Ppj8?feature=oembed&autoplay=0&loop=0&controls=1&mute=0\" frameborder=\"0\" allow=\"accelerometer; autoplay; clipboard-write; encrypted-media; gyroscope; picture-in-picture\" allowfullscreen><\/iframe><\/div><\/script><div class='av-click-to-play-overlay'><div class=\"avia_playpause_icon\"><\/div><\/div><\/div><br \/>\n<section class=\"av_textblock_section \"  itemscope=\"itemscope\" itemtype=\"https:\/\/schema.org\/CreativeWork\" ><div class='avia_textblock  '   itemprop=\"text\" ><p>L&rsquo;Ubaye r\u00e9pond aux attentes les plus diversifi\u00e9es avec son site VTT labelis\u00e9 FFC, sa piste transubayenne empruntant les tunnels d&rsquo;une voie ferr\u00e9e qui ne vit jamais le jour, ses parcours confidentiels en for\u00eat ou plus pr\u00e8s des sommets &#8230; et 7 cols de 1333 \u00e0 2678 m pour le plus grand plaisir des cyclotouristes.<\/p>\n<\/div><\/section><\/p><\/div>\n<div class=\"flex_column av_one_full  flex_column_div av-zero-column-padding first  avia-builder-el-11  el_after_av_one_full  el_before_av_one_full  column-top-margin\" style='border-radius:0px; '><p><div  class='avia-video avia-video-16-9   av-lazyload-immediate  av-lazyload-video-embed  '   itemprop=\"video\" itemtype=\"https:\/\/schema.org\/VideoObject\"  data-original_url='https:\/\/youtu.be\/9oY5LccpjjY' ><script type='text\/html' class='av-video-tmpl'><div class='avia-iframe-wrap'><iframe loading=\"lazy\" title=\"Grand Nord - Haute Ubaye\" width=\"1500\" height=\"844\" src=\"https:\/\/www.youtube.com\/embed\/9oY5LccpjjY?feature=oembed&autoplay=0&loop=0&controls=1&mute=0\" frameborder=\"0\" allow=\"accelerometer; autoplay; clipboard-write; encrypted-media; gyroscope; picture-in-picture\" allowfullscreen><\/iframe><\/div><\/script><div class='av-click-to-play-overlay'><div class=\"avia_playpause_icon\"><\/div><\/div><\/div><br \/>\n<section class=\"av_textblock_section \"  itemscope=\"itemscope\" itemtype=\"https:\/\/schema.org\/CreativeWork\" ><div class='avia_textblock  '   itemprop=\"text\" ><p>D\u00e9couvrez la magie de l&rsquo;hiver dans la Haute &#8211; Vall\u00e9e de l&rsquo;Ubaye &#8230;<\/p>\n<\/div><\/section><\/p><\/div>\n<div class=\"flex_column av_one_full  flex_column_div av-zero-column-padding first  avia-builder-el-14  el_after_av_one_full  avia-builder-el-last  column-top-margin\" style='border-radius:0px; '><section class=\"av_textblock_section \"  itemscope=\"itemscope\" itemtype=\"https:\/\/schema.org\/CreativeWork\" ><div class='avia_textblock  '   itemprop=\"text\" ><h2><strong>Larche, pr\u00e9serv\u00e9 et sauvage&#8230;<\/strong><\/h2>\n<p>Larche, petit village de montagne, 1700m d&rsquo;altitude, \u00e0 deux pas de l&rsquo;Italie et aux portes du Parc National du Mercantour, vous offre un espace pr\u00e9serv\u00e9 et sauvage.<br \/>\nRandonneur confirm\u00e9 ou d\u00e9butant, vous trouverez \u00e0 Larche des itin\u00e9raires \u00e0 votre niveau gr\u00e2ce \u00e0 des pistes de ski de fond qui sillonnent le vallon du Lauzanier, des itin\u00e9raires de raquette \u00e0 neige le long de l&rsquo;Ubayette et aux portes de l&rsquo;Italie d&rsquo;innombrables vallons et sommets sauvages pour la randonn\u00e9e nordique et alpine, et bien s\u00fbr, le ciel \u00e9clatant des Alpes du Sud.<br \/>\nAux confins de la Vall\u00e9e de l\u2019Ubaye, le Village de Larche d\u00e9ploie de superbes circuits de ski de fond et son site convivial de ski alpin compos\u00e9 de 4 t\u00e9l\u00e9skis, id\u00e9al pour d\u00e9buter.<br \/>\nDe la simple ballade \u00e0 l\u2019exploit sportif, toutes les envies peuvent \u00eatre rassasi\u00e9es.<br \/>\nLes plus aventuriers se laisseront tenter par une exp\u00e9dition en ski de randonn\u00e9e dans le Parc du Mercantour.<br \/>\nLe col de Larche (en italien : Colle della Maddalena) est un col des Alpes du Sud, \u00e0 la fronti\u00e8re entre la France et l&rsquo;Italie. Il fait communiquer le vallon de Larche (une ramification de la vall\u00e9e de l&rsquo;Ubaye, dans les Alpes-de-Haute-Provence) avec la vall\u00e9e de la Stura di Demonte, en Italie. Il se situe \u00e0 1 991 m\u00e8tres d&rsquo;altitude, entre le massif de Chambeyron au nord-est et le massif du Mercantour-Argentera au sud-ouest, et est ouvert toute l&rsquo;ann\u00e9e.<\/p>\n<p><img decoding=\"async\" class=\"size-full wp-image-206 aligncenter\" src=\"https:\/\/www.chaletdugermas.fr\/fr\/wp-content\/uploads\/2015\/03\/slider_media7.jpg\" alt=\"Vue du Germas\" width=\"938\" height=\"375\" srcset=\"https:\/\/www.chaletdugermas.fr\/fr\/wp-content\/uploads\/2015\/03\/slider_media7.jpg 938w, https:\/\/www.chaletdugermas.fr\/fr\/wp-content\/uploads\/2015\/03\/slider_media7-300x120.jpg 300w\" sizes=\"(max-width: 938px) 100vw, 938px\" \/><\/p>\n<\/div><\/section><\/div>\n","protected":false},"excerpt":{"rendered":"","protected":false},"author":1,"featured_media":0,"parent":0,"menu_order":5,"comment_status":"closed","ping_status":"closed","template":"","meta":{"footnotes":""},"_links":{"self":[{"href":"https:\/\/www.chaletdugermas.fr\/fr\/wp-json\/wp\/v2\/pages\/11"}],"collection":[{"href":"https:\/\/www.chaletdugermas.fr\/fr\/wp-json\/wp\/v2\/pages"}],"about":[{"href":"https:\/\/www.chaletdugermas.fr\/fr\/wp-json\/wp\/v2\/types\/page"}],"author":[{"embeddable":true,"href":"https:\/\/www.chaletdugermas.fr\/fr\/wp-json\/wp\/v2\/users\/1"}],"replies":[{"embeddable":true,"href":"https:\/\/www.chaletdugermas.fr\/fr\/wp-json\/wp\/v2\/comments?post=11"}],"version-history":[{"count":32,"href":"https:\/\/www.chaletdugermas.fr\/fr\/wp-json\/wp\/v2\/pages\/11\/revisions"}],"predecessor-version":[{"id":499,"href":"https:\/\/www.chaletdugermas.fr\/fr\/wp-json\/wp\/v2\/pages\/11\/revisions\/499"}],"wp:attachment":[{"href":"https:\/\/www.chaletdugermas.fr\/fr\/wp-json\/wp\/v2\/media?parent=11"}],"curies":[{"name":"wp","href":"https:\/\/api.w.org\/{rel}","templated":true}]}}